{"id":9,"date":"2015-01-08T13:58:33","date_gmt":"2015-01-08T13:58:33","guid":{"rendered":"https:\/\/www.sanfelipe.eus\/?page_id=9"},"modified":"2025-07-23T15:34:09","modified_gmt":"2025-07-23T15:34:09","slug":"inicio","status":"publish","type":"page","link":"https:\/\/www.sanfelipe.eus\/es\/","title":{"rendered":"Inicio"},"content":{"rendered":"\n<p>Creada en el a\u00f1o 1.898, es una entidad sin \u00e1nimo de lucro constituida bajo los principios de la solidaridad y la ayuda mutua, a la que nos unimos voluntariamente, para tener acceso a una cobertura de los gastos de sepelio y al traslado en caso de defunci\u00f3n de las personas socias, y proporcionar una prestaci\u00f3n econ\u00f3mica y ayuda emocional a sus familiares basados en la confianza, la reciprocidad y la transparencia en la gesti\u00f3n.<\/p>\n\n\n\n<p>Es una Entidad de Previsi\u00f3n Social Voluntaria (EPSV), legalmente constituida y registrada por la Direcci\u00f3n de Trabajo y Seguridad Social del Gobierno Vasco (Ley 5\/2012)<\/p>\n\n\n\n<p>Su \u00e1rea de cobertura se circunscribe a los asociados de Arrasate-Mondrag\u00f3n y municipios pr\u00f3ximos.<\/p>\n\n\n\n<p class=\"has-text-color has-background\" style=\"background-color:#221778;color:#ffef00;font-size:18px\"><strong>En caso de defunci\u00f3n, debes llamar de inmediato, antes de llamar o relacionarte con cualquier otra funeraria, a San Felipe Elkarlaguntza<\/strong>, <strong>tel\u00e9fono 24 horas<\/strong> <strong>943 53 29 10<\/strong>.<\/p>\n","protected":false},"excerpt":{"rendered":"<p>Creada en el a\u00f1o 1.898, es una entidad sin \u00e1nimo de lucro constituida bajo los principios de la solidaridad y la ayuda mutua, a la que nos unimos voluntariamente, para tener acceso a una cobertura de los gastos de sepelio y al traslado en caso de defunci\u00f3n de las personas socias, y proporcionar una prestaci\u00f3n [&hellip;]<\/p>\n","protected":false},"author":2,"featured_media":4533,"parent":0,"menu_order":0,"comment_status":"closed","ping_status":"closed","template":"template_home.php","meta":[],"yoast_head":"<!-- This site is optimized with the Yoast SEO plugin v16.1.1 - https:\/\/yoast.com\/wordpress\/plugins\/seo\/ -->\n<link rel=\"canonical\" href=\"https:\/\/www.sanfelipe.eus\/es\/\" \/>\n<meta property=\"og:locale\" content=\"es_ES\" \/>\n<meta property=\"og:type\" content=\"article\" \/>\n<meta property=\"og:title\" content=\"Inicio - San Felipe Apostol\" \/>\n<meta property=\"og:description\" content=\"Creada en el a\u00f1o 1.898, es una entidad sin \u00e1nimo de lucro constituida bajo los principios de la solidaridad y la ayuda mutua, a la que nos unimos voluntariamente, para tener acceso a una cobertura de los gastos de sepelio y al traslado en caso de defunci\u00f3n de las personas socias, y proporcionar una prestaci\u00f3n [&hellip;]\" \/>\n<meta property=\"og:url\" content=\"https:\/\/www.sanfelipe.eus\/es\/\" \/>\n<meta property=\"og:site_name\" content=\"San Felipe Apostol\" \/>\n<meta property=\"article:modified_time\" content=\"2025-07-23T15:34:09+00:00\" \/>\n<meta property=\"og:image\" content=\"https:\/\/www.sanfelipe.eus\/wp-content\/uploads\/2020\/01\/img01.jpg\" \/>\n\t<meta property=\"og:image:width\" content=\"1443\" \/>\n\t<meta property=\"og:image:height\" content=\"617\" \/>\n<meta name=\"twitter:card\" content=\"summary_large_image\" \/>\n<meta name=\"twitter:label1\" content=\"Tiempo de lectura\">\n\t<meta name=\"twitter:data1\" content=\"1 minuto\">\n<script type=\"application\/ld+json\" class=\"yoast-schema-graph\">{\"@context\":\"https:\/\/schema.org\",\"@graph\":[{\"@type\":\"WebSite\",\"@id\":\"https:\/\/www.sanfelipe.eus\/eu\/#website\",\"url\":\"https:\/\/www.sanfelipe.eus\/eu\/\",\"name\":\"San Felipe Apostol\",\"description\":\"Otro sitio realizado con WordPress\",\"potentialAction\":[{\"@type\":\"SearchAction\",\"target\":\"https:\/\/www.sanfelipe.eus\/eu\/?s={search_term_string}\",\"query-input\":\"required name=search_term_string\"}],\"inLanguage\":\"es\"},{\"@type\":\"ImageObject\",\"@id\":\"https:\/\/www.sanfelipe.eus\/es\/#primaryimage\",\"inLanguage\":\"es\",\"url\":\"https:\/\/www.sanfelipe.eus\/wp-content\/uploads\/2020\/01\/img01.jpg\",\"contentUrl\":\"https:\/\/www.sanfelipe.eus\/wp-content\/uploads\/2020\/01\/img01.jpg\",\"width\":1443,\"height\":617},{\"@type\":\"WebPage\",\"@id\":\"https:\/\/www.sanfelipe.eus\/es\/#webpage\",\"url\":\"https:\/\/www.sanfelipe.eus\/es\/\",\"name\":\"Inicio - San Felipe Apostol\",\"isPartOf\":{\"@id\":\"https:\/\/www.sanfelipe.eus\/eu\/#website\"},\"primaryImageOfPage\":{\"@id\":\"https:\/\/www.sanfelipe.eus\/es\/#primaryimage\"},\"datePublished\":\"2015-01-08T13:58:33+00:00\",\"dateModified\":\"2025-07-23T15:34:09+00:00\",\"breadcrumb\":{\"@id\":\"https:\/\/www.sanfelipe.eus\/es\/#breadcrumb\"},\"inLanguage\":\"es\",\"potentialAction\":[{\"@type\":\"ReadAction\",\"target\":[\"https:\/\/www.sanfelipe.eus\/es\/\"]}]},{\"@type\":\"BreadcrumbList\",\"@id\":\"https:\/\/www.sanfelipe.eus\/es\/#breadcrumb\",\"itemListElement\":[{\"@type\":\"ListItem\",\"position\":1,\"item\":{\"@type\":\"WebPage\",\"@id\":\"https:\/\/www.sanfelipe.eus\/es\/\",\"url\":\"https:\/\/www.sanfelipe.eus\/es\/\",\"name\":\"Home\"}},{\"@type\":\"ListItem\",\"position\":2,\"item\":{\"@type\":\"WebPage\",\"@id\":\"https:\/\/www.sanfelipe.eus\/es\/\",\"url\":\"https:\/\/www.sanfelipe.eus\/es\/\",\"name\":\"Inicio\"}}]}]}<\/script>\n<!-- \/ Yoast SEO plugin. -->","_links":{"self":[{"href":"https:\/\/www.sanfelipe.eus\/es\/wp-json\/wp\/v2\/pages\/9"}],"collection":[{"href":"https:\/\/www.sanfelipe.eus\/es\/wp-json\/wp\/v2\/pages"}],"about":[{"href":"https:\/\/www.sanfelipe.eus\/es\/wp-json\/wp\/v2\/types\/page"}],"author":[{"embeddable":true,"href":"https:\/\/www.sanfelipe.eus\/es\/wp-json\/wp\/v2\/users\/2"}],"replies":[{"embeddable":true,"href":"https:\/\/www.sanfelipe.eus\/es\/wp-json\/wp\/v2\/comments?post=9"}],"version-history":[{"count":81,"href":"https:\/\/www.sanfelipe.eus\/es\/wp-json\/wp\/v2\/pages\/9\/revisions"}],"predecessor-version":[{"id":11394,"href":"https:\/\/www.sanfelipe.eus\/es\/wp-json\/wp\/v2\/pages\/9\/revisions\/11394"}],"wp:featuredmedia":[{"embeddable":true,"href":"https:\/\/www.sanfelipe.eus\/es\/wp-json\/wp\/v2\/media\/4533"}],"wp:attachment":[{"href":"https:\/\/www.sanfelipe.eus\/es\/wp-json\/wp\/v2\/media?parent=9"}],"curies":[{"name":"wp","href":"https:\/\/api.w.org\/{rel}","templated":true}]}}